{"id":1055,"date":"2022-05-22T14:50:19","date_gmt":"2022-05-22T12:50:19","guid":{"rendered":"https:\/\/producciones-abismales.com\/de\/?page_id=1055"},"modified":"2026-04-03T22:08:11","modified_gmt":"2026-04-03T20:08:11","slug":"tourplan","status":"publish","type":"page","link":"https:\/\/producciones-abismales.com\/de\/tourplan\/","title":{"rendered":"Tourplan"},"content":{"rendered":"\r\n<h4><strong>Tourplan 2026<\/strong><\/h4>\r\n<p><strong>Dayoub &amp; Naga<\/strong><\/p>\r\n<ul>\r\n<li>14.03 PUPPENPARADE ORTENAU \/ Lahr<\/li>\r\n<li>03.07\u00a0STADTVILLA GLOBAL Kreativ- &amp; Medienzentrum f\u00fcr Kinder und Jugendliche \/ Berlin<\/li>\r\n<\/ul>\r\n<p><strong>PLANET OCEAN im Fluss der Wandel<\/strong><\/p>\r\n<ul>\r\n<li>22. &amp; 24.05 (Walking act) KARNEVAL DER KULTUREN \/ Berlin<\/li>\r\n<li>30.07- 04.08 SOMMERWERFT Festival \/ Frankfurt am Main<\/li>\r\n<\/ul>\r\n<p><strong>Die Drachen des Meeres<\/strong><\/p>\r\n<ul>\r\n<li>0<span class=\"translatable-message\">8-10.05 UNTERWEGS Theaterfestival \/<\/span><span class=\"translatable-message\">\u00a0<\/span><span class=\"translatable-message\">M\u00fchlheim am Main<\/span><\/li>\r\n<li><span class=\"translatable-message\">11-13.05 UNTERWEGS Theaterfestival \/ <\/span><span class=\"translatable-message\">Dreieich\/Offenthal<\/span><\/li>\r\n<li><span class=\"translatable-message\"><span class=\"translatable-message\">15-17.05 UNTERWEGS Theaterfestival \/ <\/span><\/span><span class=\"translatable-message\">Seligenstadt<\/span><\/li>\r\n<li>07.07 Gartenarbeitsschule Lichtenberg \/ Berlin<\/li>\r\n<li>23. &amp; 25.07.25 PFLASTERSPEKTAKEL\/ Linz, Osterreich<\/li>\r\n<li>08.08 MICRO!FESTIVAL \/ <span class=\"dtm-heading_message_publication_origin\">Dortmund <\/span><\/li>\r\n<li>22.08 MARKT FOR FUTURE, <span class=\"fusion-breadcrumb-item\" data-wahfont=\"15\"><span class=\"breadcrumb-leaf\" data-wahfont=\"15\">Bezirksbibliothek Pablo Neruda \/ Berlin<\/span><\/span><\/li>\r\n<\/ul>\r\n<p><strong>InTi und die Schiffbr\u00fcchige<\/strong><\/p>\r\n<ul>\r\n<li>15 &amp; 16.08 BR\u00dcCKENSENSATIONEN \/ Rheinfelden<\/li>\r\n<\/ul>\r\n<p><strong>Lichtshow InTi und der Zeitreisende<\/strong><\/p>\r\n<ul>\r\n<li>13.11. <span class=\"translatable-message\">Laternenumzug im Wutzky<\/span>, Berlin<\/li>\r\n<\/ul>\r\n<p>&nbsp;<\/p>\r\n<h4><strong>Tourplan 2025<\/strong><\/h4>\r\n<p>30.06.25 , 01.07. &amp; 02.07.25 Inthega Kongress in Bielefeld Stand Nr.1.3<\/p>\r\n<p><strong>Die Drachen des Meeres<\/strong><\/p>\r\n<ul>\r\n<li>17.06. &amp; 18.06.25 Monopol \/ Berlin #1<\/li>\r\n<li>19.06.25 Schulumweltzentrum- Gartenarbeitsschule Steglitz-Zehlendorf \/ Berlin #2<\/li>\r\n<li>25.07.25 FIPP e.V. Familienzentrum an der W\u00fchle\/ Berlin #4<\/li>\r\n<li>23. &amp; 24.08.25 Tag der Offene T\u00fcr am Bundesumweltministerium \/ Berlin<\/li>\r\n<li>05.09 &amp; 29.10.25 Jugendzentrum &#8222;Die Arche&#8220; \/ Berlin #3<\/li>\r\n<\/ul>\r\n<p><strong>Dayoub &amp; Naga<\/strong><\/p>\r\n<ul>\r\n<li>02.02.25 Zirkus Mond \/ Berlin<\/li>\r\n<li>18.07.25 FIPP e.V. Familienzentrum an der W\u00fchle\/ Berlin #4<\/li>\r\n<li>10.08.25 3000\u00b0 Festival \/ Feldberger Seenlandschaft<\/li>\r\n<li>06.09.25 Freilichtb\u00fchne Wei\u00dfensee, Lesewoche \/ Berlin<\/li>\r\n<li>15.09.25 OTTO-Spielplatz Alt-Moabit 34\/ Berlin #5<\/li>\r\n<\/ul>\r\n<p><strong>Lichtshow InTi und der Zeitreisende<\/strong><\/p>\r\n<ul>\r\n<li>07.11.25 Laternenumzug in Gropiusstadt St. Martins Tag , Berlin<\/li>\r\n<\/ul>\r\n<p><strong>Luminic Water Dream<\/strong><\/p>\r\n<ul>\r\n<li>09.08.25 3000\u00b0 Festival \/ Feldberger Seenlandschaft<\/li>\r\n<\/ul>\r\n<h4><img decoding=\"async\" loading=\"lazy\" class=\"alignnone wp-image-1733 \" src=\"https:\/\/producciones-abismales.com\/de\/wp-content\/uploads\/sites\/2\/2025\/10\/tour25-300x283.jpg\" alt=\"\" width=\"733\" height=\"692\" srcset=\"https:\/\/producciones-abismales.com\/de\/wp-content\/uploads\/sites\/2\/2025\/10\/tour25-300x283.jpg 300w, https:\/\/producciones-abismales.com\/de\/wp-content\/uploads\/sites\/2\/2025\/10\/tour25-1024x965.jpg 1024w, https:\/\/producciones-abismales.com\/de\/wp-content\/uploads\/sites\/2\/2025\/10\/tour25-768x724.jpg 768w, https:\/\/producciones-abismales.com\/de\/wp-content\/uploads\/sites\/2\/2025\/10\/tour25-1536x1448.jpg 1536w, https:\/\/producciones-abismales.com\/de\/wp-content\/uploads\/sites\/2\/2025\/10\/tour25-685x646.jpg 685w, https:\/\/producciones-abismales.com\/de\/wp-content\/uploads\/sites\/2\/2025\/10\/tour25.jpg 1744w\" sizes=\"(max-width: 733px) 100vw, 733px\" \/><\/h4>\r\n<h4><strong>Tourplan 2024<\/strong><\/h4>\r\n<p><strong>Die Drachen des Meeres<\/strong><\/p>\r\n<ul>\r\n<li>08.03 PUPPENPARADE ORTENAU \/ Lahr<\/li>\r\n<li>01.06 LANDESGARTENSCHAU \/ Kirchsheim<\/li>\r\n<li>07.06 STADTVILLA GLOBAL Kreativ- &amp; Medienzentrum f\u00fcr Kinder und Jugendliche \/ Berlin \/ <strong>#4<\/strong><\/li>\r\n<li>06.07 INTERNATIONALES STRA\u00dfENTHEATERFEST OFFENBACH \/ Offenbach<\/li>\r\n<li>27.07 SOMMERSPROSSEN STRASSENTHEATERFESTIVAL \/ Pforzheim<\/li>\r\n<li>03.08 FESTIVAL F\u00dcR FREUNDE \/ Dahnsdorf<\/li>\r\n<li>07.08 MUSCHELSALAT \/ Hagen<\/li>\r\n<li>09.08 3000 GRAD \/ Feldberger Seenlandschaft<\/li>\r\n<li>13.09 Kinderfreizeiteinrichtung K\u00c4NGURUH \/ Berlin \/ <strong>#1<\/strong><\/li>\r\n<li>21.09 KLIMAFEST \/ Beskow<\/li>\r\n<li>22. 09 POTSDAMER UMWELTFEST \/ Potsdam<\/li>\r\n<li>24 und 25.09 JugendKulturZentrum PUMPE \/ Berlin \/ <strong>#3<\/strong><\/li>\r\n<li>29.09 KINDERBAUERNHOF AUF DEM G\u00d6RLITZER e.V \/ Berlin \/ <strong>#1<\/strong><\/li>\r\n<li>19. und 20.10.2024 VILLA KURIOSUM \/ Berlin<\/li>\r\n<li>13.10 KINDERBAUERNHOF AUF DEM G\u00d6RLITZER e. V\/ Berlin \/\u00a0 <strong>#1 <br \/><\/strong><\/li>\r\n<\/ul>\r\n<p><strong>Dayoub &amp; Naga<\/strong><\/p>\r\n<ul>\r\n<li>28.04 UMWELTFESTIVAL \/ Stra\u00dfe des 17. Juni, Berlin<\/li>\r\n<li>19. und 20.05 KARNEVAL DER KULTUREN \/ Berlin<\/li>\r\n<li>24.10 Jugendfreizeiteinrichtung DIE ARCHE \/ Berlin \/ <strong>#2<\/strong><\/li>\r\n<li>26.10 VILLA KURIOSUM \/ Berlin\u00a0<\/li>\r\n<\/ul>\r\n<p><strong>InTi und die Schiffbr\u00fcchige<\/strong><\/p>\r\n<ul>\r\n<li>13.07 Brandenburger Tor \/ Berlin<\/li>\r\n<li>14.09 SALON K Das Kunst- uns Kultur-Festival im Lettekiez \/ Berlin<\/li>\r\n<\/ul>\r\n<p><strong>Lichtshow InTi und der Zeitreisende<\/strong><\/p>\r\n<ul>\r\n<li>11.11 Laternenumzug in Gropiusstadt St. Martins Tag , Berlin<\/li>\r\n<\/ul>\r\n<h4>\u00a0<\/h4>\r\n<p><img decoding=\"async\" loading=\"lazy\" class=\"alignnone  wp-image-1621\" src=\"https:\/\/producciones-abismales.com\/de\/wp-content\/uploads\/sites\/2\/2024\/06\/tour-300x283.jpg\" alt=\"\" width=\"737\" height=\"695\" srcset=\"https:\/\/producciones-abismales.com\/de\/wp-content\/uploads\/sites\/2\/2024\/06\/tour-300x283.jpg 300w, https:\/\/producciones-abismales.com\/de\/wp-content\/uploads\/sites\/2\/2024\/06\/tour-1024x965.jpg 1024w, https:\/\/producciones-abismales.com\/de\/wp-content\/uploads\/sites\/2\/2024\/06\/tour-768x724.jpg 768w, https:\/\/producciones-abismales.com\/de\/wp-content\/uploads\/sites\/2\/2024\/06\/tour-1536x1448.jpg 1536w, https:\/\/producciones-abismales.com\/de\/wp-content\/uploads\/sites\/2\/2024\/06\/tour-685x646.jpg 685w, https:\/\/producciones-abismales.com\/de\/wp-content\/uploads\/sites\/2\/2024\/06\/tour.jpg 1744w\" sizes=\"(max-width: 737px) 100vw, 737px\" \/><\/p>\r\n<h4><strong>Tourplan 2023<\/strong><\/h4>\r\n<p><strong>Dayoub &amp; Naga<\/strong><\/p>\r\n<ul>\r\n<li>27. und 29.05 KARNEVAL DER KULTUREN \/ Berlin<\/li>\r\n<li>09.09 SALON K, das Kunst- uns Kultur-Festival im Lettekiez \/ Berlin<\/li>\r\n<\/ul>\r\n<p><strong>Die Drachen des Meeres<\/strong><\/p>\r\n<ul>\r\n<li>21., 22. und 23.07 SOMMERWERFT Festival \/ Frankfurt am Main<\/li>\r\n<li>25., 26. und 27.08 STREET THEATER Festival &#8211; Picadeiro 8 \/ Espinho, Portugal<\/li>\r\n<li>04. und 05. 09 PERFORMANCE &#8211; Internationale Kulturb\u00f6rse f\u00fcr Stra\u00dfenkunst \/ Paderborn<\/li>\r\n<\/ul>\r\n<p>&nbsp;<\/p>\r\n<h4><strong>Tourplan\u00a02022<\/strong><\/h4>\r\n<p class=\"has-medium-font-size\"><strong>Die Drachen des Meeres<\/strong><\/p>\r\n<ul>\r\n<li class=\"has-medium-font-size\">13.02 WINTERWERFT Festival \/ Frankfurt am Main<\/li>\r\n<li>04.06 GOFER Festival, beim Polnischen Kindertag \/ Goleni\u00f3w<\/li>\r\n<li>12.06 UMWELTFESTIVAL \/ Stra\u00dfe des 17. Juni, Berlin<\/li>\r\n<li>19.06 PerleB\u00c4M Stra\u00dfenkunst-Festival \/ Perleberg<\/li>\r\n<li>25.05 ExtraSchicht Die Nacht der Industriekultur \/ Zollverein, Essen<\/li>\r\n<li>07.,08. und 09.07 ViaThea 26. Internationales Stra\u00dfentheaterfestival \/ G\u00f6rlitz<\/li>\r\n<li>10.07 Internationales Stra\u00dfentheaterfestival Hoyerswerda<\/li>\r\n<li>03.09 Salon K Das Kunst- uns Kultur-Festival im Lettekiez \/ Berlin<\/li>\r\n<\/ul>\r\n<p class=\"has-medium-font-size\"><strong>Dayoub &amp; Naga<\/strong><\/p>\r\n\r\n\r\n\r\n<ul>\r\n<li>29., 30. und 31.07 Kulturufer Friedrichshafen<\/li>\r\n<\/ul>\r\n\r\n\r\n\r\n<figure class=\"wp-block-image size-large\"><img decoding=\"async\" loading=\"lazy\" width=\"1024\" height=\"683\" class=\"wp-image-1061\" src=\"https:\/\/producciones-abismales.com\/de\/wp-content\/uploads\/sites\/2\/2022\/05\/200913_Spreepark_1183_LQ-1024x683.jpg\" alt=\"\" srcset=\"https:\/\/producciones-abismales.com\/de\/wp-content\/uploads\/sites\/2\/2022\/05\/200913_Spreepark_1183_LQ-1024x683.jpg 1024w, https:\/\/producciones-abismales.com\/de\/wp-content\/uploads\/sites\/2\/2022\/05\/200913_Spreepark_1183_LQ-300x200.jpg 300w, https:\/\/producciones-abismales.com\/de\/wp-content\/uploads\/sites\/2\/2022\/05\/200913_Spreepark_1183_LQ-768x512.jpg 768w, https:\/\/producciones-abismales.com\/de\/wp-content\/uploads\/sites\/2\/2022\/05\/200913_Spreepark_1183_LQ-1536x1024.jpg 1536w, https:\/\/producciones-abismales.com\/de\/wp-content\/uploads\/sites\/2\/2022\/05\/200913_Spreepark_1183_LQ-685x457.jpg 685w, https:\/\/producciones-abismales.com\/de\/wp-content\/uploads\/sites\/2\/2022\/05\/200913_Spreepark_1183_LQ-2000x1333.jpg 2000w, https:\/\/producciones-abismales.com\/de\/wp-content\/uploads\/sites\/2\/2022\/05\/200913_Spreepark_1183_LQ-342x228.jpg 342w\" sizes=\"(max-width: 1024px) 100vw, 1024px\" \/><\/figure>\r\n","protected":false},"excerpt":{"rendered":"<p>Tourplan 2026 Dayoub &amp; Naga 14.03 PUPPENPARADE ORTENAU \/ Lahr 03.07\u00a0STADTVILLA GLOBAL Kreativ- &amp; Medienzentrum f\u00fcr Kinder und Jugendliche \/ Berlin PLANET OCEAN im Fluss der Wandel 22. &amp; 24.05 (Walking act) KARNEVAL DER KULTUREN \/ Berlin 30.07- 04.08 SOMMERWERFT Festival \/ Frankfurt am Main Die Drachen des Meeres 08-10.05 UNTERWEGS Theaterfestival \/\u00a0M\u00fchlheim am Main &hellip; <a href=\"https:\/\/producciones-abismales.com\/de\/tourplan\/\" class=\"more-link\"><span class=\"screen-reader-text\">Tourplan<\/span> weiterlesen<\/a><\/p>\n","protected":false},"author":3,"featured_media":0,"parent":0,"menu_order":0,"comment_status":"closed","ping_status":"closed","template":"","meta":[],"yoast_head":"<!-- This site is optimized with the Yoast SEO plugin v19.11 - https:\/\/yoast.com\/wordpress\/plugins\/seo\/ -->\n<title>Tourplan &raquo;<\/title>\n<meta name=\"robots\" content=\"index, follow, max-snippet:-1, max-image-preview:large, max-video-preview:-1\" \/>\n<link rel=\"canonical\" href=\"https:\/\/producciones-abismales.com\/de\/tourplan\/\" \/>\n<meta property=\"og:locale\" content=\"de_DE\" \/>\n<meta property=\"og:type\" content=\"article\" \/>\n<meta property=\"og:title\" content=\"Tourplan &raquo;\" \/>\n<meta property=\"og:description\" content=\"Tourplan 2026 Dayoub &amp; Naga 14.03 PUPPENPARADE ORTENAU \/ Lahr 03.07\u00a0STADTVILLA GLOBAL Kreativ- &amp; Medienzentrum f\u00fcr Kinder und Jugendliche \/ Berlin PLANET OCEAN im Fluss der Wandel 22. &amp; 24.05 (Walking act) KARNEVAL DER KULTUREN \/ Berlin 30.07- 04.08 SOMMERWERFT Festival \/ Frankfurt am Main Die Drachen des Meeres 08-10.05 UNTERWEGS Theaterfestival \/\u00a0M\u00fchlheim am Main &hellip; Tourplan weiterlesen\" \/>\n<meta property=\"og:url\" content=\"https:\/\/producciones-abismales.com\/de\/tourplan\/\" \/>\n<meta property=\"article:publisher\" content=\"https:\/\/www.facebook.com\/abismalarte\/\" \/>\n<meta property=\"article:modified_time\" content=\"2026-04-03T20:08:11+00:00\" \/>\n<meta property=\"og:image\" content=\"https:\/\/producciones-abismales.com\/de\/wp-content\/uploads\/sites\/2\/2025\/10\/tour25-300x283.jpg\" \/>\n<meta name=\"twitter:card\" content=\"summary_large_image\" \/>\n<meta name=\"twitter:label1\" content=\"Gesch\u00e4tzte Lesezeit\" \/>\n\t<meta name=\"twitter:data1\" content=\"4\u00a0Minuten\" \/>\n<script type=\"application\/ld+json\" class=\"yoast-schema-graph\">{\"@context\":\"https:\/\/schema.org\",\"@graph\":[{\"@type\":\"WebPage\",\"@id\":\"https:\/\/producciones-abismales.com\/de\/tourplan\/\",\"url\":\"https:\/\/producciones-abismales.com\/de\/tourplan\/\",\"name\":\"Tourplan &raquo;\",\"isPartOf\":{\"@id\":\"https:\/\/producciones-abismales.com\/de\/#website\"},\"datePublished\":\"2022-05-22T12:50:19+00:00\",\"dateModified\":\"2026-04-03T20:08:11+00:00\",\"breadcrumb\":{\"@id\":\"https:\/\/producciones-abismales.com\/de\/tourplan\/#breadcrumb\"},\"inLanguage\":\"de\",\"potentialAction\":[{\"@type\":\"ReadAction\",\"target\":[\"https:\/\/producciones-abismales.com\/de\/tourplan\/\"]}]},{\"@type\":\"BreadcrumbList\",\"@id\":\"https:\/\/producciones-abismales.com\/de\/tourplan\/#breadcrumb\",\"itemListElement\":[{\"@type\":\"ListItem\",\"position\":1,\"name\":\"Startseite\",\"item\":\"https:\/\/producciones-abismales.com\/de\/\"},{\"@type\":\"ListItem\",\"position\":2,\"name\":\"Tourplan\"}]},{\"@type\":\"WebSite\",\"@id\":\"https:\/\/producciones-abismales.com\/de\/#website\",\"url\":\"https:\/\/producciones-abismales.com\/de\/\",\"name\":\"\",\"description\":\"Umwelttheater f\u00fcr die ganze Familie\",\"publisher\":{\"@id\":\"https:\/\/producciones-abismales.com\/de\/#organization\"},\"potentialAction\":[{\"@type\":\"SearchAction\",\"target\":{\"@type\":\"EntryPoint\",\"urlTemplate\":\"https:\/\/producciones-abismales.com\/de\/?s={search_term_string}\"},\"query-input\":\"required name=search_term_string\"}],\"inLanguage\":\"de\"},{\"@type\":\"Organization\",\"@id\":\"https:\/\/producciones-abismales.com\/de\/#organization\",\"name\":\"Producciones Abismales\",\"url\":\"https:\/\/producciones-abismales.com\/de\/\",\"logo\":{\"@type\":\"ImageObject\",\"inLanguage\":\"de\",\"@id\":\"https:\/\/producciones-abismales.com\/de\/#\/schema\/logo\/image\/\",\"url\":\"https:\/\/producciones-abismales.com\/de\/wp-content\/uploads\/sites\/2\/2019\/01\/logo-cuadrado-azul.png\",\"contentUrl\":\"https:\/\/producciones-abismales.com\/de\/wp-content\/uploads\/sites\/2\/2019\/01\/logo-cuadrado-azul.png\",\"width\":433,\"height\":433,\"caption\":\"Producciones Abismales\"},\"image\":{\"@id\":\"https:\/\/producciones-abismales.com\/de\/#\/schema\/logo\/image\/\"},\"sameAs\":[\"https:\/\/www.instagram.com\/abismalarte\/\",\"https:\/\/www.youtube.com\/channel\/UCaLLPZ7K-lUlQTRvwuuLq2Q\",\"https:\/\/www.facebook.com\/abismalarte\/\"]}]}<\/script>\n<!-- \/ Yoast SEO plugin. -->","yoast_head_json":{"title":"Tourplan &raquo;","robots":{"index":"index","follow":"follow","max-snippet":"max-snippet:-1","max-image-preview":"max-image-preview:large","max-video-preview":"max-video-preview:-1"},"canonical":"https:\/\/producciones-abismales.com\/de\/tourplan\/","og_locale":"de_DE","og_type":"article","og_title":"Tourplan &raquo;","og_description":"Tourplan 2026 Dayoub &amp; Naga 14.03 PUPPENPARADE ORTENAU \/ Lahr 03.07\u00a0STADTVILLA GLOBAL Kreativ- &amp; Medienzentrum f\u00fcr Kinder und Jugendliche \/ Berlin PLANET OCEAN im Fluss der Wandel 22. &amp; 24.05 (Walking act) KARNEVAL DER KULTUREN \/ Berlin 30.07- 04.08 SOMMERWERFT Festival \/ Frankfurt am Main Die Drachen des Meeres 08-10.05 UNTERWEGS Theaterfestival \/\u00a0M\u00fchlheim am Main &hellip; Tourplan weiterlesen","og_url":"https:\/\/producciones-abismales.com\/de\/tourplan\/","article_publisher":"https:\/\/www.facebook.com\/abismalarte\/","article_modified_time":"2026-04-03T20:08:11+00:00","og_image":[{"url":"https:\/\/producciones-abismales.com\/de\/wp-content\/uploads\/sites\/2\/2025\/10\/tour25-300x283.jpg"}],"twitter_card":"summary_large_image","twitter_misc":{"Gesch\u00e4tzte Lesezeit":"4\u00a0Minuten"},"schema":{"@context":"https:\/\/schema.org","@graph":[{"@type":"WebPage","@id":"https:\/\/producciones-abismales.com\/de\/tourplan\/","url":"https:\/\/producciones-abismales.com\/de\/tourplan\/","name":"Tourplan &raquo;","isPartOf":{"@id":"https:\/\/producciones-abismales.com\/de\/#website"},"datePublished":"2022-05-22T12:50:19+00:00","dateModified":"2026-04-03T20:08:11+00:00","breadcrumb":{"@id":"https:\/\/producciones-abismales.com\/de\/tourplan\/#breadcrumb"},"inLanguage":"de","potentialAction":[{"@type":"ReadAction","target":["https:\/\/producciones-abismales.com\/de\/tourplan\/"]}]},{"@type":"BreadcrumbList","@id":"https:\/\/producciones-abismales.com\/de\/tourplan\/#breadcrumb","itemListElement":[{"@type":"ListItem","position":1,"name":"Startseite","item":"https:\/\/producciones-abismales.com\/de\/"},{"@type":"ListItem","position":2,"name":"Tourplan"}]},{"@type":"WebSite","@id":"https:\/\/producciones-abismales.com\/de\/#website","url":"https:\/\/producciones-abismales.com\/de\/","name":"","description":"Umwelttheater f\u00fcr die ganze Familie","publisher":{"@id":"https:\/\/producciones-abismales.com\/de\/#organization"},"potentialAction":[{"@type":"SearchAction","target":{"@type":"EntryPoint","urlTemplate":"https:\/\/producciones-abismales.com\/de\/?s={search_term_string}"},"query-input":"required name=search_term_string"}],"inLanguage":"de"},{"@type":"Organization","@id":"https:\/\/producciones-abismales.com\/de\/#organization","name":"Producciones Abismales","url":"https:\/\/producciones-abismales.com\/de\/","logo":{"@type":"ImageObject","inLanguage":"de","@id":"https:\/\/producciones-abismales.com\/de\/#\/schema\/logo\/image\/","url":"https:\/\/producciones-abismales.com\/de\/wp-content\/uploads\/sites\/2\/2019\/01\/logo-cuadrado-azul.png","contentUrl":"https:\/\/producciones-abismales.com\/de\/wp-content\/uploads\/sites\/2\/2019\/01\/logo-cuadrado-azul.png","width":433,"height":433,"caption":"Producciones Abismales"},"image":{"@id":"https:\/\/producciones-abismales.com\/de\/#\/schema\/logo\/image\/"},"sameAs":["https:\/\/www.instagram.com\/abismalarte\/","https:\/\/www.youtube.com\/channel\/UCaLLPZ7K-lUlQTRvwuuLq2Q","https:\/\/www.facebook.com\/abismalarte\/"]}]}},"_links":{"self":[{"href":"https:\/\/producciones-abismales.com\/de\/wp-json\/wp\/v2\/pages\/1055"}],"collection":[{"href":"https:\/\/producciones-abismales.com\/de\/wp-json\/wp\/v2\/pages"}],"about":[{"href":"https:\/\/producciones-abismales.com\/de\/wp-json\/wp\/v2\/types\/page"}],"author":[{"embeddable":true,"href":"https:\/\/producciones-abismales.com\/de\/wp-json\/wp\/v2\/users\/3"}],"replies":[{"embeddable":true,"href":"https:\/\/producciones-abismales.com\/de\/wp-json\/wp\/v2\/comments?post=1055"}],"version-history":[{"count":64,"href":"https:\/\/producciones-abismales.com\/de\/wp-json\/wp\/v2\/pages\/1055\/revisions"}],"predecessor-version":[{"id":1867,"href":"https:\/\/producciones-abismales.com\/de\/wp-json\/wp\/v2\/pages\/1055\/revisions\/1867"}],"wp:attachment":[{"href":"https:\/\/producciones-abismales.com\/de\/wp-json\/wp\/v2\/media?parent=1055"}],"curies":[{"name":"wp","href":"https:\/\/api.w.org\/{rel}","templated":true}]}}