{"id":21,"date":"2019-01-07T20:17:12","date_gmt":"2019-01-07T19:17:12","guid":{"rendered":"https:\/\/producciones-abismales.com\/de\/?page_id=21"},"modified":"2022-10-16T14:58:17","modified_gmt":"2022-10-16T12:58:17","slug":"die-drachen-des-meeres","status":"publish","type":"page","link":"https:\/\/producciones-abismales.com\/de\/die-drachen-des-meeres\/","title":{"rendered":"Die Drachen des Meeres"},"content":{"rendered":"\n<p style=\"font-size:17px\" class=\"has-text-align-left\">\nInteraktives\nFiguren- und Objekttheater&nbsp;f\u00fcr Menschen ab 5 Jahren.<\/p>\n\n\n\n<p style=\"font-size:17px\" class=\"has-text-align-left\">&nbsp;\u201eDie Drachen des Meeres\u201c kann als visuell-poetisches Figurentheater von Menschen aller Kulturkreise und jenseits von Sprachbarrieren verstanden werden. <\/p>\n\n\n\n<p style=\"font-size:17px\">Die weltweite Verschmutzung der Ozeane durch das vom Menschen produzierte Plastik ist ein immer mehr in den Vordergrund tretendes Problem f\u00fcr die weitere Existenz aller Lebewesen, einschlie\u00dflich des Menschen. Prim\u00e4r leiden die Meeresbewohner unter dieser extremen Belastung und immer mehr r\u00fcckt dieses Problem auch in den Blick der Verursacher, der Menschen.<\/p>\n\n\n\n<p style=\"font-size:15px\"> <a href=\"https:\/\/producciones-abismales.com\/de\/die-drachen-des-meeres\/inszenierung\/\">Inszenierung<\/a> \/ <a href=\"https:\/\/producciones-abismales.com\/de\/die-drachen-des-meeres\/walking-acts\/\">Walking Acts<\/a> \/ <a href=\"https:\/\/producciones-abismales.com\/de\/die-drachen-des-meeres\/schulprojekte\/\">Schulprojekten<\/a> \/ <a href=\"https:\/\/producciones-abismales.com\/de\/die-drachen-des-meeres\/broschuere-technical-rider\/\">Technical Rider<\/a><\/p>\n\n\n\n<p><\/p>\n\n\n\n<div id=\"metaslider-id-649\" style=\"width: 100%; margin: 0 auto;\" class=\"ml-slider-3-27-14 metaslider metaslider-flex metaslider-649 ml-slider  alignnormal\">\n    <div id=\"metaslider_container_649\">\n        <div id=\"metaslider_649\" class=\"flexslider\">\n            <ul aria-live=\"polite\" class=\"slides\">\n                <li style=\"display: block; width: 100%;\" class=\"slide-651 ms-image\"><img src=\"https:\/\/producciones-abismales.com\/de\/wp-content\/uploads\/sites\/2\/2019\/01\/Die-Drachen_paf18_thbm_-ronald-spratte021-1-700x500.jpg\" height=\"500\" width=\"700\" alt=\"\" class=\"slider-649 slide-651\" \/><\/li>\n                <li style=\"display: none; width: 100%;\" class=\"slide-652 ms-image\"><img src=\"https:\/\/producciones-abismales.com\/de\/wp-content\/uploads\/sites\/2\/2019\/01\/die-drachen_paf18_thbm_-ronald-spratte024-420x300.jpg\" height=\"500\" width=\"700\" alt=\"\" class=\"slider-649 slide-652\" \/><\/li>\n                <li style=\"display: none; width: 100%;\" class=\"slide-654 ms-image\"><img src=\"https:\/\/producciones-abismales.com\/de\/wp-content\/uploads\/sites\/2\/2019\/02\/mapa-web--e1549202280908-700x500.jpg\" height=\"500\" width=\"700\" alt=\"\" class=\"slider-649 slide-654\" title=\"mapa web\" \/><\/li>\n                <li style=\"display: none; width: 100%;\" class=\"slide-656 ms-image\"><img src=\"https:\/\/producciones-abismales.com\/de\/wp-content\/uploads\/sites\/2\/2019\/02\/Die-Drachen_paf18_thbm_-ronald-spratte043-e1549201880611-700x500.jpg\" height=\"500\" width=\"700\" alt=\"\" class=\"slider-649 slide-656\" title=\"Die Drachen_paf18_thbm_ ronald spratte043\" \/><\/li>\n                <li style=\"display: none; width: 100%;\" class=\"slide-657 ms-image\"><img src=\"https:\/\/producciones-abismales.com\/de\/wp-content\/uploads\/sites\/2\/2019\/01\/mapa-web--e1549201998209-700x500.jpg\" height=\"500\" width=\"700\" alt=\"\" class=\"slider-649 slide-657\" title=\"mapa web\" \/><\/li>\n                <li style=\"display: none; width: 100%;\" class=\"slide-659 ms-image\"><img src=\"https:\/\/producciones-abismales.com\/de\/wp-content\/uploads\/sites\/2\/2021\/07\/2A5A4672-750x1024-1-700x500.jpg\" height=\"500\" width=\"700\" alt=\"\" class=\"slider-649 slide-659\" title=\"2A5A4672-750x1024\" \/><\/li>\n                <li style=\"display: none; width: 100%;\" class=\"slide-661 ms-image\"><img src=\"https:\/\/producciones-abismales.com\/de\/wp-content\/uploads\/sites\/2\/2019\/02\/IMG_8321.ret_-700x500.jpg\" height=\"500\" width=\"700\" alt=\"\" class=\"slider-649 slide-661\" title=\"IMG_8321.ret\" \/><\/li>\n                <li style=\"display: none; width: 100%;\" class=\"slide-666 ms-image\"><img src=\"https:\/\/producciones-abismales.com\/de\/wp-content\/uploads\/sites\/2\/2019\/02\/IMG_7065-1-e1549203555922-700x500.jpg\" height=\"500\" width=\"700\" alt=\"\" class=\"slider-649 slide-666\" title=\"IMG_7065\" \/><\/li>\n                <li style=\"display: none; width: 100%;\" class=\"slide-669 ms-image\"><img src=\"https:\/\/producciones-abismales.com\/de\/wp-content\/uploads\/sites\/2\/2019\/02\/arg23-e1549204354946-700x500.jpg\" height=\"500\" width=\"700\" alt=\"\" class=\"slider-649 slide-669\" title=\"arg23\" \/><\/li>\n                <li style=\"display: none; width: 100%;\" class=\"slide-670 ms-image\"><img src=\"https:\/\/producciones-abismales.com\/de\/wp-content\/uploads\/sites\/2\/2019\/01\/mapa-cartografico-1-700x500.jpg\" height=\"500\" width=\"700\" alt=\"\" class=\"slider-649 slide-670\" title=\"mapa cartografico\" \/><\/li>\n                <li style=\"display: none; width: 100%;\" class=\"slide-672 ms-image\"><img src=\"https:\/\/producciones-abismales.com\/de\/wp-content\/uploads\/sites\/2\/2019\/02\/IMG_1672-e1549207450147-700x500.jpg\" height=\"500\" width=\"700\" alt=\"\" class=\"slider-649 slide-672\" title=\"IMG_1672\" \/><\/li>\n                <li style=\"display: none; width: 100%;\" class=\"slide-977 ms-image\"><img src=\"https:\/\/producciones-abismales.com\/de\/wp-content\/uploads\/sites\/2\/2021\/07\/2A5A4651-scaled-700x500.jpg\" height=\"500\" width=\"700\" alt=\"\" class=\"slider-649 slide-977\" title=\"2A5A4651\" \/><\/li>\n            <\/ul>\n        <\/div>\n        \n    <\/div>\n<\/div>\n\n\n\n<p><\/p>\n","protected":false},"excerpt":{"rendered":"<p>Interaktives Figuren- und Objekttheater&nbsp;f\u00fcr Menschen ab 5 Jahren. &nbsp;\u201eDie Drachen des Meeres\u201c kann als visuell-poetisches Figurentheater von Menschen aller Kulturkreise und jenseits von Sprachbarrieren verstanden werden. Die weltweite Verschmutzung der Ozeane durch das vom Menschen produzierte Plastik ist ein immer mehr in den Vordergrund tretendes Problem f\u00fcr die weitere Existenz aller Lebewesen, einschlie\u00dflich des Menschen. &hellip; <a href=\"https:\/\/producciones-abismales.com\/de\/die-drachen-des-meeres\/\" class=\"more-link\"><span class=\"screen-reader-text\">Die Drachen des Meeres<\/span> weiterlesen<\/a><\/p>\n","protected":false},"author":1,"featured_media":963,"parent":0,"menu_order":0,"comment_status":"closed","ping_status":"closed","template":"","meta":[],"yoast_head":"<!-- This site is optimized with the Yoast SEO plugin v19.11 - https:\/\/yoast.com\/wordpress\/plugins\/seo\/ -->\n<title>Die Drachen des Meeres &raquo;<\/title>\n<meta name=\"robots\" content=\"index, follow, max-snippet:-1, max-image-preview:large, max-video-preview:-1\" \/>\n<link rel=\"canonical\" href=\"https:\/\/producciones-abismales.com\/de\/die-drachen-des-meeres\/\" \/>\n<meta property=\"og:locale\" content=\"de_DE\" \/>\n<meta property=\"og:type\" content=\"article\" \/>\n<meta property=\"og:title\" content=\"Die Drachen des Meeres &raquo;\" \/>\n<meta property=\"og:description\" content=\"Interaktives Figuren- und Objekttheater&nbsp;f\u00fcr Menschen ab 5 Jahren. &nbsp;\u201eDie Drachen des Meeres\u201c kann als visuell-poetisches Figurentheater von Menschen aller Kulturkreise und jenseits von Sprachbarrieren verstanden werden. Die weltweite Verschmutzung der Ozeane durch das vom Menschen produzierte Plastik ist ein immer mehr in den Vordergrund tretendes Problem f\u00fcr die weitere Existenz aller Lebewesen, einschlie\u00dflich des Menschen. &hellip; Die Drachen des Meeres weiterlesen\" \/>\n<meta property=\"og:url\" content=\"https:\/\/producciones-abismales.com\/de\/die-drachen-des-meeres\/\" \/>\n<meta property=\"article:publisher\" content=\"https:\/\/www.facebook.com\/abismalarte\/\" \/>\n<meta property=\"article:modified_time\" content=\"2022-10-16T12:58:17+00:00\" \/>\n<meta property=\"og:image\" content=\"https:\/\/producciones-abismales.com\/de\/wp-content\/uploads\/sites\/2\/2021\/07\/2A5A4590-scaled-e1625137026955-1024x522-1.jpg\" \/>\n\t<meta property=\"og:image:width\" content=\"1024\" \/>\n\t<meta property=\"og:image:height\" content=\"522\" \/>\n\t<meta property=\"og:image:type\" content=\"image\/jpeg\" \/>\n<meta name=\"twitter:card\" content=\"summary_large_image\" \/>\n<script type=\"application\/ld+json\" class=\"yoast-schema-graph\">{\"@context\":\"https:\/\/schema.org\",\"@graph\":[{\"@type\":\"WebPage\",\"@id\":\"https:\/\/producciones-abismales.com\/de\/die-drachen-des-meeres\/\",\"url\":\"https:\/\/producciones-abismales.com\/de\/die-drachen-des-meeres\/\",\"name\":\"Die Drachen des Meeres &raquo;\",\"isPartOf\":{\"@id\":\"https:\/\/producciones-abismales.com\/de\/#website\"},\"datePublished\":\"2019-01-07T19:17:12+00:00\",\"dateModified\":\"2022-10-16T12:58:17+00:00\",\"breadcrumb\":{\"@id\":\"https:\/\/producciones-abismales.com\/de\/die-drachen-des-meeres\/#breadcrumb\"},\"inLanguage\":\"de\",\"potentialAction\":[{\"@type\":\"ReadAction\",\"target\":[\"https:\/\/producciones-abismales.com\/de\/die-drachen-des-meeres\/\"]}]},{\"@type\":\"BreadcrumbList\",\"@id\":\"https:\/\/producciones-abismales.com\/de\/die-drachen-des-meeres\/#breadcrumb\",\"itemListElement\":[{\"@type\":\"ListItem\",\"position\":1,\"name\":\"Startseite\",\"item\":\"https:\/\/producciones-abismales.com\/de\/\"},{\"@type\":\"ListItem\",\"position\":2,\"name\":\"Die Drachen des Meeres\"}]},{\"@type\":\"WebSite\",\"@id\":\"https:\/\/producciones-abismales.com\/de\/#website\",\"url\":\"https:\/\/producciones-abismales.com\/de\/\",\"name\":\"\",\"description\":\"Umwelttheater f\u00fcr die ganze Familie\",\"publisher\":{\"@id\":\"https:\/\/producciones-abismales.com\/de\/#organization\"},\"potentialAction\":[{\"@type\":\"SearchAction\",\"target\":{\"@type\":\"EntryPoint\",\"urlTemplate\":\"https:\/\/producciones-abismales.com\/de\/?s={search_term_string}\"},\"query-input\":\"required name=search_term_string\"}],\"inLanguage\":\"de\"},{\"@type\":\"Organization\",\"@id\":\"https:\/\/producciones-abismales.com\/de\/#organization\",\"name\":\"Producciones Abismales\",\"url\":\"https:\/\/producciones-abismales.com\/de\/\",\"logo\":{\"@type\":\"ImageObject\",\"inLanguage\":\"de\",\"@id\":\"https:\/\/producciones-abismales.com\/de\/#\/schema\/logo\/image\/\",\"url\":\"https:\/\/producciones-abismales.com\/de\/wp-content\/uploads\/sites\/2\/2019\/01\/logo-cuadrado-azul.png\",\"contentUrl\":\"https:\/\/producciones-abismales.com\/de\/wp-content\/uploads\/sites\/2\/2019\/01\/logo-cuadrado-azul.png\",\"width\":433,\"height\":433,\"caption\":\"Producciones Abismales\"},\"image\":{\"@id\":\"https:\/\/producciones-abismales.com\/de\/#\/schema\/logo\/image\/\"},\"sameAs\":[\"https:\/\/www.instagram.com\/abismalarte\/\",\"https:\/\/www.youtube.com\/channel\/UCaLLPZ7K-lUlQTRvwuuLq2Q\",\"https:\/\/www.facebook.com\/abismalarte\/\"]}]}<\/script>\n<!-- \/ Yoast SEO plugin. -->","yoast_head_json":{"title":"Die Drachen des Meeres &raquo;","robots":{"index":"index","follow":"follow","max-snippet":"max-snippet:-1","max-image-preview":"max-image-preview:large","max-video-preview":"max-video-preview:-1"},"canonical":"https:\/\/producciones-abismales.com\/de\/die-drachen-des-meeres\/","og_locale":"de_DE","og_type":"article","og_title":"Die Drachen des Meeres &raquo;","og_description":"Interaktives Figuren- und Objekttheater&nbsp;f\u00fcr Menschen ab 5 Jahren. &nbsp;\u201eDie Drachen des Meeres\u201c kann als visuell-poetisches Figurentheater von Menschen aller Kulturkreise und jenseits von Sprachbarrieren verstanden werden. Die weltweite Verschmutzung der Ozeane durch das vom Menschen produzierte Plastik ist ein immer mehr in den Vordergrund tretendes Problem f\u00fcr die weitere Existenz aller Lebewesen, einschlie\u00dflich des Menschen. &hellip; Die Drachen des Meeres weiterlesen","og_url":"https:\/\/producciones-abismales.com\/de\/die-drachen-des-meeres\/","article_publisher":"https:\/\/www.facebook.com\/abismalarte\/","article_modified_time":"2022-10-16T12:58:17+00:00","og_image":[{"width":1024,"height":522,"url":"https:\/\/producciones-abismales.com\/de\/wp-content\/uploads\/sites\/2\/2021\/07\/2A5A4590-scaled-e1625137026955-1024x522-1.jpg","type":"image\/jpeg"}],"twitter_card":"summary_large_image","schema":{"@context":"https:\/\/schema.org","@graph":[{"@type":"WebPage","@id":"https:\/\/producciones-abismales.com\/de\/die-drachen-des-meeres\/","url":"https:\/\/producciones-abismales.com\/de\/die-drachen-des-meeres\/","name":"Die Drachen des Meeres &raquo;","isPartOf":{"@id":"https:\/\/producciones-abismales.com\/de\/#website"},"datePublished":"2019-01-07T19:17:12+00:00","dateModified":"2022-10-16T12:58:17+00:00","breadcrumb":{"@id":"https:\/\/producciones-abismales.com\/de\/die-drachen-des-meeres\/#breadcrumb"},"inLanguage":"de","potentialAction":[{"@type":"ReadAction","target":["https:\/\/producciones-abismales.com\/de\/die-drachen-des-meeres\/"]}]},{"@type":"BreadcrumbList","@id":"https:\/\/producciones-abismales.com\/de\/die-drachen-des-meeres\/#breadcrumb","itemListElement":[{"@type":"ListItem","position":1,"name":"Startseite","item":"https:\/\/producciones-abismales.com\/de\/"},{"@type":"ListItem","position":2,"name":"Die Drachen des Meeres"}]},{"@type":"WebSite","@id":"https:\/\/producciones-abismales.com\/de\/#website","url":"https:\/\/producciones-abismales.com\/de\/","name":"","description":"Umwelttheater f\u00fcr die ganze Familie","publisher":{"@id":"https:\/\/producciones-abismales.com\/de\/#organization"},"potentialAction":[{"@type":"SearchAction","target":{"@type":"EntryPoint","urlTemplate":"https:\/\/producciones-abismales.com\/de\/?s={search_term_string}"},"query-input":"required name=search_term_string"}],"inLanguage":"de"},{"@type":"Organization","@id":"https:\/\/producciones-abismales.com\/de\/#organization","name":"Producciones Abismales","url":"https:\/\/producciones-abismales.com\/de\/","logo":{"@type":"ImageObject","inLanguage":"de","@id":"https:\/\/producciones-abismales.com\/de\/#\/schema\/logo\/image\/","url":"https:\/\/producciones-abismales.com\/de\/wp-content\/uploads\/sites\/2\/2019\/01\/logo-cuadrado-azul.png","contentUrl":"https:\/\/producciones-abismales.com\/de\/wp-content\/uploads\/sites\/2\/2019\/01\/logo-cuadrado-azul.png","width":433,"height":433,"caption":"Producciones Abismales"},"image":{"@id":"https:\/\/producciones-abismales.com\/de\/#\/schema\/logo\/image\/"},"sameAs":["https:\/\/www.instagram.com\/abismalarte\/","https:\/\/www.youtube.com\/channel\/UCaLLPZ7K-lUlQTRvwuuLq2Q","https:\/\/www.facebook.com\/abismalarte\/"]}]}},"_links":{"self":[{"href":"https:\/\/producciones-abismales.com\/de\/wp-json\/wp\/v2\/pages\/21"}],"collection":[{"href":"https:\/\/producciones-abismales.com\/de\/wp-json\/wp\/v2\/pages"}],"about":[{"href":"https:\/\/producciones-abismales.com\/de\/wp-json\/wp\/v2\/types\/page"}],"author":[{"embeddable":true,"href":"https:\/\/producciones-abismales.com\/de\/wp-json\/wp\/v2\/users\/1"}],"replies":[{"embeddable":true,"href":"https:\/\/producciones-abismales.com\/de\/wp-json\/wp\/v2\/comments?post=21"}],"version-history":[{"count":25,"href":"https:\/\/producciones-abismales.com\/de\/wp-json\/wp\/v2\/pages\/21\/revisions"}],"predecessor-version":[{"id":1271,"href":"https:\/\/producciones-abismales.com\/de\/wp-json\/wp\/v2\/pages\/21\/revisions\/1271"}],"wp:featuredmedia":[{"embeddable":true,"href":"https:\/\/producciones-abismales.com\/de\/wp-json\/wp\/v2\/media\/963"}],"wp:attachment":[{"href":"https:\/\/producciones-abismales.com\/de\/wp-json\/wp\/v2\/media?parent=21"}],"curies":[{"name":"wp","href":"https:\/\/api.w.org\/{rel}","templated":true}]}}