{"id":23,"date":"2019-01-07T20:17:51","date_gmt":"2019-01-07T19:17:51","guid":{"rendered":"https:\/\/producciones-abismales.com\/de\/?page_id=23"},"modified":"2025-10-13T20:17:58","modified_gmt":"2025-10-13T18:17:58","slug":"inszenierung","status":"publish","type":"page","link":"https:\/\/producciones-abismales.com\/de\/die-drachen-des-meeres\/inszenierung\/","title":{"rendered":"Inszenierung"},"content":{"rendered":"\r\n<p style=\"font-size: 15px\">Interaktives Figuren- und Objekttheater f\u00fcr Menschen ab 5 Jahren.<\/p>\r\n\r\n\r\n\r\n<p style=\"font-size: 15px\">Unser Protagonist ist ein gigantischer bunter Fisch und sein Gegenspieler ein Taucher, der aus der Zeit gefallen ist. Beiden ist das Plastik fremd. Sie lernen sich kennen und beginnen eine Freundschaft und geraten bald in gro\u00dfe Schwierigkeiten durch das Plastik verursacht.<\/p>\r\n\r\n\r\n\r\n<p style=\"font-size: 15px\">Die \u00fcberlebensgro\u00dfe Fischfigur verschluckt jede Menge Plastikt\u00fcten an denen er fast erstickt. Der Taucher erkennt dies fast zu sp\u00e4t und kann den Fisch mithilfe der Kinder jedoch retten.<\/p>\r\n\r\n\r\n\r\n<p style=\"font-size: 15px\">Die Geschichte dieser ungew\u00f6hnlichen Freundschaft soll das Bewusstsein f\u00fcr die Verantwortung die wir alle tragen sch\u00e4rfen. Die Geschichte kann gut in eine Aufkl\u00e4rungsstunde \u00fcber den Verpackungswahnsinn und M\u00fcllvermeidungsstrategien eingebaut werden.<\/p>\r\n\r\n\r\n\r\n<p style=\"font-size: 15px\">Durch die lebendigen Charaktere und die Sympathien die die Fische bekommen, kann das Problem direkt personalisiert werden. Es zeigt dass wir alle etwas tun k\u00f6nnen, indem wir unsere Alltagsgewohnheiten ver\u00e4ndern.<\/p>\r\n<p><a href=\"https:\/\/www.youtube.com\/watch?v=wQi0VyOrADI\" target=\"_blank\" rel=\"noreferrer noopener\" aria-label=\"Videolink (\u00f6ffnet in neuem Tab)\">Videolink<\/a><\/p>\r\n<p><a href=\"https:\/\/drive.google.com\/file\/d\/1kfe5yuO2lVTaZxhkCbuwBE7KOGkaRsHq\/view?usp=drive_link\" target=\"_blank\" rel=\"noopener\">Broschure zum Herunterladen<\/a><\/p>\r\n<p><a href=\"https:\/\/producciones-abismales.com\/de\/wp-content\/uploads\/sites\/2\/2021\/10\/Broschur10-Technikel-Reader-scaled.jpg\">Technical Rider<\/a><\/p>\r\n\r\n\r\n\r\n<blockquote class=\"wp-block-quote is-style-default\">\r\n<p>&nbsp;<\/p>\r\n<\/blockquote>\r\n\r\n\r\n\r\n<figure class=\"is-layout-flex wp-block-gallery-1 wp-block-gallery columns-3 is-cropped\">\r\n<ul class=\"blocks-gallery-grid\">\r\n<li class=\"blocks-gallery-item\">\r\n<figure><img decoding=\"async\" loading=\"lazy\" width=\"450\" height=\"474\" class=\"wp-image-105\" src=\"https:\/\/producciones-abismales.com\/de\/wp-content\/uploads\/sites\/2\/2019\/01\/img_7065-e1540727839693.jpg\" alt=\"\" data-id=\"105\" data-link=\"https:\/\/producciones-abismales.com\/de\/inszenierung\/img_7065-e1540727839693\/\" srcset=\"https:\/\/producciones-abismales.com\/de\/wp-content\/uploads\/sites\/2\/2019\/01\/img_7065-e1540727839693.jpg 450w, https:\/\/producciones-abismales.com\/de\/wp-content\/uploads\/sites\/2\/2019\/01\/img_7065-e1540727839693-285x300.jpg 285w\" sizes=\"(max-width: 450px) 100vw, 450px\" \/><\/figure>\r\n<\/li>\r\n<li class=\"blocks-gallery-item\">\r\n<figure><img decoding=\"async\" loading=\"lazy\" width=\"1024\" height=\"683\" class=\"wp-image-142\" src=\"https:\/\/producciones-abismales.com\/de\/wp-content\/uploads\/sites\/2\/2019\/01\/1-1024x683.jpg\" alt=\"\" data-id=\"142\" data-link=\"https:\/\/producciones-abismales.com\/de\/inszenierung\/attachment\/1\/\" srcset=\"https:\/\/producciones-abismales.com\/de\/wp-content\/uploads\/sites\/2\/2019\/01\/1-1024x683.jpg 1024w, https:\/\/producciones-abismales.com\/de\/wp-content\/uploads\/sites\/2\/2019\/01\/1-300x200.jpg 300w, https:\/\/producciones-abismales.com\/de\/wp-content\/uploads\/sites\/2\/2019\/01\/1-768x513.jpg 768w, https:\/\/producciones-abismales.com\/de\/wp-content\/uploads\/sites\/2\/2019\/01\/1-685x457.jpg 685w, https:\/\/producciones-abismales.com\/de\/wp-content\/uploads\/sites\/2\/2019\/01\/1-2000x1335.jpg 2000w, https:\/\/producciones-abismales.com\/de\/wp-content\/uploads\/sites\/2\/2019\/01\/1-342x228.jpg 342w\" sizes=\"(max-width: 1024px) 100vw, 1024px\" \/><\/figure>\r\n<\/li>\r\n<li class=\"blocks-gallery-item\">\r\n<figure><img decoding=\"async\" loading=\"lazy\" class=\"alignnone wp-image-1493 size-large\" src=\"https:\/\/producciones-abismales.com\/de\/wp-content\/uploads\/sites\/2\/2023\/11\/280A1508-1-1024x685.jpg\" alt=\"\" width=\"685\" height=\"458\" data-id=\"362\" data-link=\"https:\/\/producciones-abismales.com\/de\/inszenierung\/attachment\/36\/\" srcset=\"https:\/\/producciones-abismales.com\/de\/wp-content\/uploads\/sites\/2\/2023\/11\/280A1508-1-1024x685.jpg 1024w, https:\/\/producciones-abismales.com\/de\/wp-content\/uploads\/sites\/2\/2023\/11\/280A1508-1-300x201.jpg 300w, https:\/\/producciones-abismales.com\/de\/wp-content\/uploads\/sites\/2\/2023\/11\/280A1508-1-768x514.jpg 768w, https:\/\/producciones-abismales.com\/de\/wp-content\/uploads\/sites\/2\/2023\/11\/280A1508-1-1536x1027.jpg 1536w, https:\/\/producciones-abismales.com\/de\/wp-content\/uploads\/sites\/2\/2023\/11\/280A1508-1-2048x1370.jpg 2048w, https:\/\/producciones-abismales.com\/de\/wp-content\/uploads\/sites\/2\/2023\/11\/280A1508-1-685x458.jpg 685w, https:\/\/producciones-abismales.com\/de\/wp-content\/uploads\/sites\/2\/2023\/11\/280A1508-1-2000x1338.jpg 2000w, https:\/\/producciones-abismales.com\/de\/wp-content\/uploads\/sites\/2\/2023\/11\/280A1508-1-342x228.jpg 342w\" sizes=\"(max-width: 685px) 100vw, 685px\" \/><\/figure>\r\n<\/li>\r\n<li><a href=\"https:\/\/www.youtube.com\/watch?v=wQi0VyOrADI\" target=\"_blank\" rel=\"noreferrer noopener\" aria-label=\"Videolink (\u00f6ffnet in neuem Tab)\"><img decoding=\"async\" loading=\"lazy\" class=\"alignnone  wp-image-980\" src=\"https:\/\/producciones-abismales.com\/de\/wp-content\/uploads\/sites\/2\/2021\/07\/200913_Spreepark_1302_LQ-300x200.jpg\" alt=\"\" width=\"1625\" height=\"1083\" srcset=\"https:\/\/producciones-abismales.com\/de\/wp-content\/uploads\/sites\/2\/2021\/07\/200913_Spreepark_1302_LQ-300x200.jpg 300w, https:\/\/producciones-abismales.com\/de\/wp-content\/uploads\/sites\/2\/2021\/07\/200913_Spreepark_1302_LQ-1024x683.jpg 1024w, https:\/\/producciones-abismales.com\/de\/wp-content\/uploads\/sites\/2\/2021\/07\/200913_Spreepark_1302_LQ-768x512.jpg 768w, https:\/\/producciones-abismales.com\/de\/wp-content\/uploads\/sites\/2\/2021\/07\/200913_Spreepark_1302_LQ-1536x1024.jpg 1536w, https:\/\/producciones-abismales.com\/de\/wp-content\/uploads\/sites\/2\/2021\/07\/200913_Spreepark_1302_LQ-685x457.jpg 685w, https:\/\/producciones-abismales.com\/de\/wp-content\/uploads\/sites\/2\/2021\/07\/200913_Spreepark_1302_LQ-2000x1333.jpg 2000w, https:\/\/producciones-abismales.com\/de\/wp-content\/uploads\/sites\/2\/2021\/07\/200913_Spreepark_1302_LQ-342x228.jpg 342w\" sizes=\"(max-width: 1625px) 100vw, 1625px\" \/><\/a> \u00a0 \u00a0<\/li>\r\n<li><img decoding=\"async\" loading=\"lazy\" class=\"wp-image-1492 alignnone\" src=\"https:\/\/producciones-abismales.com\/de\/wp-content\/uploads\/sites\/2\/2023\/11\/280A1486-2-1-300x200.jpg\" alt=\"\" width=\"278\" height=\"185\" srcset=\"https:\/\/producciones-abismales.com\/de\/wp-content\/uploads\/sites\/2\/2023\/11\/280A1486-2-1-300x200.jpg 300w, https:\/\/producciones-abismales.com\/de\/wp-content\/uploads\/sites\/2\/2023\/11\/280A1486-2-1-1024x683.jpg 1024w, https:\/\/producciones-abismales.com\/de\/wp-content\/uploads\/sites\/2\/2023\/11\/280A1486-2-1-768x512.jpg 768w, https:\/\/producciones-abismales.com\/de\/wp-content\/uploads\/sites\/2\/2023\/11\/280A1486-2-1-1536x1024.jpg 1536w, https:\/\/producciones-abismales.com\/de\/wp-content\/uploads\/sites\/2\/2023\/11\/280A1486-2-1-2048x1365.jpg 2048w, https:\/\/producciones-abismales.com\/de\/wp-content\/uploads\/sites\/2\/2023\/11\/280A1486-2-1-685x457.jpg 685w, https:\/\/producciones-abismales.com\/de\/wp-content\/uploads\/sites\/2\/2023\/11\/280A1486-2-1-2000x1333.jpg 2000w, https:\/\/producciones-abismales.com\/de\/wp-content\/uploads\/sites\/2\/2023\/11\/280A1486-2-1-342x228.jpg 342w\" sizes=\"(max-width: 278px) 100vw, 278px\" \/> \u00a0 <img decoding=\"async\" loading=\"lazy\" class=\"wp-image-602 alignnone\" src=\"https:\/\/producciones-abismales.com\/de\/wp-content\/uploads\/sites\/2\/2019\/02\/Die-Drachen_paf18_thbm_-ronald-spratte007-e1699802904337-300x296.jpg\" alt=\"\" width=\"188\" height=\"185\" srcset=\"https:\/\/producciones-abismales.com\/de\/wp-content\/uploads\/sites\/2\/2019\/02\/Die-Drachen_paf18_thbm_-ronald-spratte007-e1699802904337-300x296.jpg 300w, https:\/\/producciones-abismales.com\/de\/wp-content\/uploads\/sites\/2\/2019\/02\/Die-Drachen_paf18_thbm_-ronald-spratte007-e1699802904337-768x758.jpg 768w, https:\/\/producciones-abismales.com\/de\/wp-content\/uploads\/sites\/2\/2019\/02\/Die-Drachen_paf18_thbm_-ronald-spratte007-e1699802904337-1024x1010.jpg 1024w, https:\/\/producciones-abismales.com\/de\/wp-content\/uploads\/sites\/2\/2019\/02\/Die-Drachen_paf18_thbm_-ronald-spratte007-e1699802904337-685x676.jpg 685w, https:\/\/producciones-abismales.com\/de\/wp-content\/uploads\/sites\/2\/2019\/02\/Die-Drachen_paf18_thbm_-ronald-spratte007-e1699802904337.jpg 1403w\" sizes=\"(max-width: 188px) 100vw, 188px\" \/> \u00a0\u00a0 <img decoding=\"async\" loading=\"lazy\" class=\"wp-image-604 alignnone\" src=\"https:\/\/producciones-abismales.com\/de\/wp-content\/uploads\/sites\/2\/2019\/02\/IMG_8320-ret-1024x616-e1549120073842-300x298.jpg\" alt=\"\" width=\"186\" height=\"185\" srcset=\"https:\/\/producciones-abismales.com\/de\/wp-content\/uploads\/sites\/2\/2019\/02\/IMG_8320-ret-1024x616-e1549120073842-300x298.jpg 300w, https:\/\/producciones-abismales.com\/de\/wp-content\/uploads\/sites\/2\/2019\/02\/IMG_8320-ret-1024x616-e1549120073842-150x150.jpg 150w, https:\/\/producciones-abismales.com\/de\/wp-content\/uploads\/sites\/2\/2019\/02\/IMG_8320-ret-1024x616-e1549120073842-100x100.jpg 100w, https:\/\/producciones-abismales.com\/de\/wp-content\/uploads\/sites\/2\/2019\/02\/IMG_8320-ret-1024x616-e1549120073842.jpg 509w, https:\/\/producciones-abismales.com\/de\/wp-content\/uploads\/sites\/2\/2019\/02\/IMG_8320-ret-1024x616-e1549120073842-400x400.jpg 400w\" sizes=\"(max-width: 186px) 100vw, 186px\" \/><\/li>\r\n<li><img decoding=\"async\" loading=\"lazy\" class=\"alignnone wp-image-1551 \" src=\"https:\/\/producciones-abismales.com\/de\/wp-content\/uploads\/sites\/2\/2023\/11\/IMG_20220626_150104ret-1536x732-1-300x143.jpg\" alt=\"\" width=\"1620\" height=\"772\" srcset=\"https:\/\/producciones-abismales.com\/de\/wp-content\/uploads\/sites\/2\/2023\/11\/IMG_20220626_150104ret-1536x732-1-300x143.jpg 300w, https:\/\/producciones-abismales.com\/de\/wp-content\/uploads\/sites\/2\/2023\/11\/IMG_20220626_150104ret-1536x732-1-1024x488.jpg 1024w, https:\/\/producciones-abismales.com\/de\/wp-content\/uploads\/sites\/2\/2023\/11\/IMG_20220626_150104ret-1536x732-1-768x366.jpg 768w, https:\/\/producciones-abismales.com\/de\/wp-content\/uploads\/sites\/2\/2023\/11\/IMG_20220626_150104ret-1536x732-1-685x326.jpg 685w, https:\/\/producciones-abismales.com\/de\/wp-content\/uploads\/sites\/2\/2023\/11\/IMG_20220626_150104ret-1536x732-1.jpg 1536w\" sizes=\"(max-width: 1620px) 100vw, 1620px\" \/><\/li>\r\n<li>\u00a0<\/li>\r\n<\/ul>\r\n<\/figure>\r\n\r\n\r\n\r\n<p>&nbsp;<\/p>\r\n\r\n\r\n\r\n<ul>\r\n<li>08 und 10.06.2018 \/ Theaterhaus Berlin Mitte, Sommergarten<\/li>\r\n<li>13 und 14.07.2018 \/ Theaterhaus Berlin Mitte, Sommergarten<\/li>\r\n<li>01 und 02.09.2018 \/ Theaterhaus Berlin Mitte, Sommergarten<\/li>\r\n<li>05.12.2018 \/ Umweltschule am Falkplatz, Berlin<\/li>\r\n<li>15.06.2019 \/ Schaubude- 12h. open space &#8222;Die lange Nacht der freien Puppen- und Figurentheater Berlins<\/li>\r\n<li>12.07.2019 \/ Cosmopolitan School, Berlin<\/li>\r\n<li>01.08.2019 \/ NON Berlin Asia contemporary art platform, Berlin<\/li>\r\n<li>13.09.2020 \/ Open Air Theater im Spreepark, Berlin<\/li>\r\n<li>08.06.2021 \/ World Ocean Day im Kooperation mit dem Nationalpark Wattenmeer auf der Insel Norderney<\/li>\r\n<li>13.02.2022 \/ Winterwerft Festival, Frankfurt am Main<\/li>\r\n<li>04.06.2022 \/ GOFER Festival, beim Polnischen Kindertag \/ Goleni\u00f3w<\/li>\r\n<li>12.06.2022 \/ UMWELTFESTIVAL \/ Stra\u00dfe des 17. Juni, Berlin<\/li>\r\n<li>21., 22. und 23.07.2023 \/ SOMMERWERFT Festival \/ Frankfurt am Main<\/li>\r\n<li>25., 26. und 27.08.2023 \/ STREET THEATER Festival \u2013 Picadeiro 8 \/ Espinho, Portugal<\/li>\r\n<li>04. und 05. 09.2023 \/ PERFORMANCE \u2013 Internationale Kulturb\u00f6rse f\u00fcr Stra\u00dfenkunst \/ Paderborn<\/li>\r\n<li>01.06.2024 LANDESGARTENSCHAU \/ Kirchsheim<\/li>\r\n<li>07.06.2024 STADTVILLA GLOBAL Kreativ- &amp; Medienzentrum f\u00fcr Kinder und Jugendliche \/ Berlin<\/li>\r\n<li>27.07.2024 SOMMERSPROSSEN STRASSENTHEATERFESTIVAL \/ Pforzheim<\/li>\r\n<li>03.08.2024 FESTIVAL F\u00dcR FREUNDE \/ Dahnsdorf<\/li>\r\n<li>07.08.2024 MUSCHELSALAT \/ Hagen<\/li>\r\n<li>09.08.2024 3000GRAD \/ Feldberger Seenlandschaft<\/li>\r\n<li>13.09.2024 Kinderfreizeiteinrichtung K\u00c4NGURUH \/ Berlin<\/li>\r\n<li>22. 09.2024 POTSDAMER UMWELTFEST \/ Potsdam<\/li>\r\n<li>24 und 25.09.2024\u00a0 JugendKulturZentrum PUMPE \/ Berlin<\/li>\r\n<li>29.09.2024 KINDERBAUERNHOF AUF DEM G\u00d6RLITZER e.V \/ Berlin<\/li>\r\n<li>17.06. &amp; 18.06.25 Monopol \/ Berlin<\/li>\r\n<li>19.06.25 Schulumweltzentrum- Gartenarbeitsschule Steglitz-Zehlendorf \/ Berlin<\/li>\r\n<li>25.07.25 FIPP e.V. Familienzentrum an der W\u00fchle<\/li>\r\n<li>05.09 &amp; 29.10.25 Jugendzentrum &#8222;Die Arche&#8220;<\/li>\r\n<\/ul>\r\n<p>GALERIE<\/p>\r\n<div id=\"metaslider-id-578\" style=\"max-width: 700px;\" class=\"ml-slider-3-27-14 metaslider metaslider-flex metaslider-578 ml-slider\">\n    <div id=\"metaslider_container_578\">\n        <div id=\"metaslider_578\" class=\"flexslider\">\n            <ul aria-live=\"polite\" class=\"slides\">\n                <li style=\"display: block; width: 100%;\" class=\"slide-606 ms-image\"><img src=\"https:\/\/producciones-abismales.com\/de\/wp-content\/uploads\/sites\/2\/2019\/02\/Die-Drachen_paf18_thbm_-ronald-spratte046-e1549116688950-700x700.jpg\" height=\"700\" width=\"700\" alt=\"\" class=\"slider-578 slide-606\" title=\"Die Drachen_paf18_thbm_ ronald spratte046\" \/><\/li>\n                <li style=\"display: none; width: 100%;\" class=\"slide-607 ms-image\"><img src=\"https:\/\/producciones-abismales.com\/de\/wp-content\/uploads\/sites\/2\/2019\/02\/Die-Drachen_paf18_thbm_-ronald-spratte007-e1699802904337-700x700.jpg\" height=\"700\" width=\"700\" alt=\"\" class=\"slider-578 slide-607\" title=\"Die Drachen_paf18_thbm_ ronald spratte007\" \/><\/li>\n                <li style=\"display: none; width: 100%;\" class=\"slide-608 ms-image\"><img src=\"https:\/\/producciones-abismales.com\/de\/wp-content\/uploads\/sites\/2\/2019\/02\/Die-Drachen_paf18_thbm_-ronald-spratte001-700x700.jpg\" height=\"700\" width=\"700\" alt=\"\" class=\"slider-578 slide-608\" title=\"Die Drachen_paf18_thbm_ ronald spratte001\" \/><\/li>\n                <li style=\"display: none; width: 100%;\" class=\"slide-609 ms-image\"><img src=\"https:\/\/producciones-abismales.com\/de\/wp-content\/uploads\/sites\/2\/2019\/02\/IMG_7094-1-e1549200070701-700x700.jpg\" height=\"700\" width=\"700\" alt=\"\" class=\"slider-578 slide-609\" title=\"IMG_7094\" \/><\/li>\n                <li style=\"display: none; width: 100%;\" class=\"slide-610 ms-image\"><img src=\"https:\/\/producciones-abismales.com\/de\/wp-content\/uploads\/sites\/2\/2019\/02\/IMG_7171-e1549120506980-1024x1024-700x700.jpg\" height=\"700\" width=\"700\" alt=\"\" class=\"slider-578 slide-610\" title=\"CREATOR: gd-jpeg v1.0 (using IJG JPEG v90), quality = 82\" \/><\/li>\n                <li style=\"display: none; width: 100%;\" class=\"slide-611 ms-image\"><img src=\"https:\/\/producciones-abismales.com\/de\/wp-content\/uploads\/sites\/2\/2019\/02\/Die-Drachen_paf18_thbm_-ronald-spratte067-e1549119037635-700x700.jpg\" height=\"700\" width=\"700\" alt=\"\" class=\"slider-578 slide-611\" title=\"Die Drachen_paf18_thbm_ ronald spratte067\" \/><\/li>\n                <li style=\"display: none; width: 100%;\" class=\"slide-612 ms-image\"><img src=\"https:\/\/producciones-abismales.com\/de\/wp-content\/uploads\/sites\/2\/2019\/02\/IMG_7117-e1549114010130-700x700.jpg\" height=\"700\" width=\"700\" alt=\"\" class=\"slider-578 slide-612\" title=\"IMG_7117\" \/><\/li>\n                <li style=\"display: none; width: 100%;\" class=\"slide-613 ms-image\"><img src=\"https:\/\/producciones-abismales.com\/de\/wp-content\/uploads\/sites\/2\/2019\/02\/Die-Drachen_paf18_thbm_-ronald-spratte070-e1549120297685-700x700.jpg\" height=\"700\" width=\"700\" alt=\"\" class=\"slider-578 slide-613\" title=\"Die Drachen_paf18_thbm_ ronald spratte070\" \/><\/li>\n                <li style=\"display: none; width: 100%;\" class=\"slide-614 ms-image\"><img src=\"https:\/\/producciones-abismales.com\/de\/wp-content\/uploads\/sites\/2\/2019\/02\/IMG_7213-e1549114328291-700x700.jpg\" height=\"700\" width=\"700\" alt=\"\" class=\"slider-578 slide-614\" title=\"IMG_7213\" \/><\/li>\n                <li style=\"display: none; width: 100%;\" class=\"slide-615 ms-image\"><img src=\"https:\/\/producciones-abismales.com\/de\/wp-content\/uploads\/sites\/2\/2019\/02\/IMG_7226-e1549115809320-700x700.jpg\" height=\"700\" width=\"700\" alt=\"\" class=\"slider-578 slide-615\" title=\"IMG_7226\" \/><\/li>\n                <li style=\"display: none; width: 100%;\" class=\"slide-616 ms-image\"><img src=\"https:\/\/producciones-abismales.com\/de\/wp-content\/uploads\/sites\/2\/2019\/02\/Die-Drachen_paf18_thbm_-ronald-spratte100-e1549120393945-700x700.jpg\" height=\"700\" width=\"700\" alt=\"\" class=\"slider-578 slide-616\" title=\"Die Drachen_paf18_thbm_ ronald spratte100\" \/><\/li>\n                <li style=\"display: none; width: 100%;\" class=\"slide-772 ms-image\"><img src=\"https:\/\/producciones-abismales.com\/de\/wp-content\/uploads\/sites\/2\/2019\/07\/WhatsApp-Image-2019-06-17-at-16.36.038-700x700.jpeg\" height=\"700\" width=\"700\" alt=\"\" class=\"slider-578 slide-772\" title=\"WhatsApp Image 2019-06-17 at 16.36.03(8)\" \/><\/li>\n                <li style=\"display: none; width: 100%;\" class=\"slide-773 ms-image\"><img src=\"https:\/\/producciones-abismales.com\/de\/wp-content\/uploads\/sites\/2\/2019\/07\/WhatsApp-Image-2019-06-17-at-16.37.183-700x700.jpeg\" height=\"700\" width=\"700\" alt=\"\" class=\"slider-578 slide-773\" title=\"WhatsApp Image 2019-06-17 at 16.37.18(3)\" \/><\/li>\n                <li style=\"display: none; width: 100%;\" class=\"slide-774 ms-image\"><img src=\"https:\/\/producciones-abismales.com\/de\/wp-content\/uploads\/sites\/2\/2019\/07\/WhatsApp-Image-2019-06-17-at-16.42.512-700x700.jpeg\" height=\"700\" width=\"700\" alt=\"\" class=\"slider-578 slide-774\" title=\"WhatsApp Image 2019-06-17 at 16.42.51(2)\" \/><\/li>\n                <li style=\"display: none; width: 100%;\" class=\"slide-974 ms-image\"><img src=\"https:\/\/producciones-abismales.com\/de\/wp-content\/uploads\/sites\/2\/2021\/07\/2A5A4584-1024x751-1-700x700.jpg\" height=\"700\" width=\"700\" alt=\"\" class=\"slider-578 slide-974\" title=\"2A5A4584-1024x751\" \/><\/li>\n                <li style=\"display: none; width: 100%;\" class=\"slide-975 ms-image\"><img src=\"https:\/\/producciones-abismales.com\/de\/wp-content\/uploads\/sites\/2\/2021\/07\/2A5A4672-750x1024-1-700x700.jpg\" height=\"700\" width=\"700\" alt=\"\" class=\"slider-578 slide-975\" title=\"2A5A4672-750x1024\" \/><\/li>\n                <li style=\"display: none; width: 100%;\" class=\"slide-981 ms-image\"><img src=\"https:\/\/producciones-abismales.com\/de\/wp-content\/uploads\/sites\/2\/2021\/07\/200913_Spreepark_1302_LQ-700x700.jpg\" height=\"700\" width=\"700\" alt=\"\" class=\"slider-578 slide-981\" title=\"200913_Spreepark_1302_LQ\" \/><\/li>\n                <li style=\"display: none; width: 100%;\" class=\"slide-1148 ms-image\"><img src=\"https:\/\/producciones-abismales.com\/de\/wp-content\/uploads\/sites\/2\/2022\/09\/DrachendesMeeres_ww22_EdithvandenElzen22-1-scaled-700x700.jpg\" height=\"700\" width=\"700\" alt=\"\" class=\"slider-578 slide-1148\" title=\"DrachendesMeeres_ww22_EdithvandenElzen22\" \/><\/li>\n                <li style=\"display: none; width: 100%;\" class=\"slide-1149 ms-image\"><img src=\"https:\/\/producciones-abismales.com\/de\/wp-content\/uploads\/sites\/2\/2022\/09\/DrachendesMeeres_ww22_EdithvandenElzen32-scaled-700x700.jpg\" height=\"700\" width=\"700\" alt=\"\" class=\"slider-578 slide-1149\" title=\"DrachendesMeeres_ww22_EdithvandenElzen32\" \/><\/li>\n                <li style=\"display: none; width: 100%;\" class=\"slide-1150 ms-image\"><img src=\"https:\/\/producciones-abismales.com\/de\/wp-content\/uploads\/sites\/2\/2022\/09\/DrachendesMeeres_ww22_EdithvandenElzen36-1-scaled-e1699803303628-700x700.jpg\" height=\"700\" width=\"700\" alt=\"\" class=\"slider-578 slide-1150\" title=\"DrachendesMeeres_ww22_EdithvandenElzen36\" \/><\/li>\n                <li style=\"display: none; width: 100%;\" class=\"slide-1151 ms-image\"><img src=\"https:\/\/producciones-abismales.com\/de\/wp-content\/uploads\/sites\/2\/2022\/09\/IMG_5920-scaled-700x700.jpg\" height=\"700\" width=\"700\" alt=\"\" class=\"slider-578 slide-1151\" title=\"IMG_5920\" \/><\/li>\n                <li style=\"display: none; width: 100%;\" class=\"slide-1152 ms-image\"><img src=\"https:\/\/producciones-abismales.com\/de\/wp-content\/uploads\/sites\/2\/2022\/09\/IMG_6056-scaled-700x700.jpg\" height=\"700\" width=\"700\" alt=\"\" class=\"slider-578 slide-1152\" title=\"IMG_6056\" \/><\/li>\n                <li style=\"display: none; width: 100%;\" class=\"slide-1153 ms-image\"><img src=\"https:\/\/producciones-abismales.com\/de\/wp-content\/uploads\/sites\/2\/2022\/09\/pic2-12-of-19-scaled-700x700.jpg\" height=\"700\" width=\"700\" alt=\"\" class=\"slider-578 slide-1153\" title=\"pic2 (12 of 19)\" \/><\/li>\n                <li style=\"display: none; width: 100%;\" class=\"slide-1154 ms-image\"><img src=\"https:\/\/producciones-abismales.com\/de\/wp-content\/uploads\/sites\/2\/2022\/09\/pic2-18-of-19-scaled-700x700.jpg\" height=\"700\" width=\"700\" alt=\"\" class=\"slider-578 slide-1154\" title=\"pic2 (18 of 19)\" \/><\/li>\n                <li style=\"display: none; width: 100%;\" class=\"slide-1155 ms-image\"><img src=\"https:\/\/producciones-abismales.com\/de\/wp-content\/uploads\/sites\/2\/2022\/09\/Stills-Umweltfest-Ben-Mangelsdorf1-1-700x700.jpg\" height=\"700\" width=\"700\" alt=\"\" class=\"slider-578 slide-1155\" title=\"Screenshot\" \/><\/li>\n                <li style=\"display: none; width: 100%;\" class=\"slide-1515 ms-image\"><img src=\"https:\/\/producciones-abismales.com\/de\/wp-content\/uploads\/sites\/2\/2023\/11\/280A1508-1-scaled-700x700.jpg\" height=\"700\" width=\"700\" alt=\"\" class=\"slider-578 slide-1515\" title=\"280A1508\" \/><\/li>\n                <li style=\"display: none; width: 100%;\" class=\"slide-1516 ms-image\"><img src=\"https:\/\/producciones-abismales.com\/de\/wp-content\/uploads\/sites\/2\/2023\/11\/280A1547-1-scaled-700x700.jpg\" height=\"700\" width=\"700\" alt=\"\" class=\"slider-578 slide-1516\" title=\"280A1547\" \/><\/li>\n                <li style=\"display: none; width: 100%;\" class=\"slide-1517 ms-image\"><img src=\"https:\/\/producciones-abismales.com\/de\/wp-content\/uploads\/sites\/2\/2023\/11\/280A1538-1-scaled-700x700.jpg\" height=\"700\" width=\"700\" alt=\"\" class=\"slider-578 slide-1517\" title=\"280A1538\" \/><\/li>\n                <li style=\"display: none; width: 100%;\" class=\"slide-1518 ms-image\"><img src=\"https:\/\/producciones-abismales.com\/de\/wp-content\/uploads\/sites\/2\/2023\/11\/280A1468-1-scaled-700x700.jpg\" height=\"700\" width=\"700\" alt=\"\" class=\"slider-578 slide-1518\" title=\"280A1468\" \/><\/li>\n                <li style=\"display: none; width: 100%;\" class=\"slide-1519 ms-image\"><img src=\"https:\/\/producciones-abismales.com\/de\/wp-content\/uploads\/sites\/2\/2023\/11\/280A1486-2-1-scaled-700x700.jpg\" height=\"700\" width=\"700\" alt=\"\" class=\"slider-578 slide-1519\" title=\"280A1486-2\" \/><\/li>\n            <\/ul>\n        <\/div>\n        \n    <\/div>\n<\/div>\r\n","protected":false},"excerpt":{"rendered":"<p>Interaktives Figuren- und Objekttheater f\u00fcr Menschen ab 5 Jahren. Unser Protagonist ist ein gigantischer bunter Fisch und sein Gegenspieler ein Taucher, der aus der Zeit gefallen ist. Beiden ist das Plastik fremd. Sie lernen sich kennen und beginnen eine Freundschaft und geraten bald in gro\u00dfe Schwierigkeiten durch das Plastik verursacht. Die \u00fcberlebensgro\u00dfe Fischfigur verschluckt jede &hellip; <a href=\"https:\/\/producciones-abismales.com\/de\/die-drachen-des-meeres\/inszenierung\/\" class=\"more-link\"><span class=\"screen-reader-text\">Inszenierung<\/span> weiterlesen<\/a><\/p>\n","protected":false},"author":1,"featured_media":495,"parent":21,"menu_order":0,"comment_status":"closed","ping_status":"closed","template":"","meta":[],"yoast_head":"<!-- This site is optimized with the Yoast SEO plugin v19.11 - https:\/\/yoast.com\/wordpress\/plugins\/seo\/ -->\n<title>Inszenierung &raquo;<\/title>\n<meta name=\"robots\" content=\"index, follow, max-snippet:-1, max-image-preview:large, max-video-preview:-1\" \/>\n<link rel=\"canonical\" href=\"https:\/\/producciones-abismales.com\/de\/die-drachen-des-meeres\/inszenierung\/\" \/>\n<meta property=\"og:locale\" content=\"de_DE\" \/>\n<meta property=\"og:type\" content=\"article\" \/>\n<meta property=\"og:title\" content=\"Inszenierung &raquo;\" \/>\n<meta property=\"og:description\" content=\"Interaktives Figuren- und Objekttheater f\u00fcr Menschen ab 5 Jahren. Unser Protagonist ist ein gigantischer bunter Fisch und sein Gegenspieler ein Taucher, der aus der Zeit gefallen ist. Beiden ist das Plastik fremd. Sie lernen sich kennen und beginnen eine Freundschaft und geraten bald in gro\u00dfe Schwierigkeiten durch das Plastik verursacht. Die \u00fcberlebensgro\u00dfe Fischfigur verschluckt jede &hellip; Inszenierung weiterlesen\" \/>\n<meta property=\"og:url\" content=\"https:\/\/producciones-abismales.com\/de\/die-drachen-des-meeres\/inszenierung\/\" \/>\n<meta property=\"article:publisher\" content=\"https:\/\/www.facebook.com\/abismalarte\/\" \/>\n<meta property=\"article:modified_time\" content=\"2025-10-13T18:17:58+00:00\" \/>\n<meta property=\"og:image\" content=\"https:\/\/producciones-abismales.com\/de\/wp-content\/uploads\/sites\/2\/2019\/01\/Die-Drachen_paf18_thbm_-ronald-spratte021ret-1-1024x396.jpg\" \/>\n\t<meta property=\"og:image:width\" content=\"1024\" \/>\n\t<meta property=\"og:image:height\" content=\"396\" \/>\n\t<meta property=\"og:image:type\" content=\"image\/jpeg\" \/>\n<meta name=\"twitter:card\" content=\"summary_large_image\" \/>\n<meta name=\"twitter:label1\" content=\"Gesch\u00e4tzte Lesezeit\" \/>\n\t<meta name=\"twitter:data1\" content=\"4\u00a0Minuten\" \/>\n<script type=\"application\/ld+json\" class=\"yoast-schema-graph\">{\"@context\":\"https:\/\/schema.org\",\"@graph\":[{\"@type\":\"WebPage\",\"@id\":\"https:\/\/producciones-abismales.com\/de\/die-drachen-des-meeres\/inszenierung\/\",\"url\":\"https:\/\/producciones-abismales.com\/de\/die-drachen-des-meeres\/inszenierung\/\",\"name\":\"Inszenierung &raquo;\",\"isPartOf\":{\"@id\":\"https:\/\/producciones-abismales.com\/de\/#website\"},\"datePublished\":\"2019-01-07T19:17:51+00:00\",\"dateModified\":\"2025-10-13T18:17:58+00:00\",\"breadcrumb\":{\"@id\":\"https:\/\/producciones-abismales.com\/de\/die-drachen-des-meeres\/inszenierung\/#breadcrumb\"},\"inLanguage\":\"de\",\"potentialAction\":[{\"@type\":\"ReadAction\",\"target\":[\"https:\/\/producciones-abismales.com\/de\/die-drachen-des-meeres\/inszenierung\/\"]}]},{\"@type\":\"BreadcrumbList\",\"@id\":\"https:\/\/producciones-abismales.com\/de\/die-drachen-des-meeres\/inszenierung\/#breadcrumb\",\"itemListElement\":[{\"@type\":\"ListItem\",\"position\":1,\"name\":\"Startseite\",\"item\":\"https:\/\/producciones-abismales.com\/de\/\"},{\"@type\":\"ListItem\",\"position\":2,\"name\":\"Die Drachen des Meeres\",\"item\":\"https:\/\/producciones-abismales.com\/de\/die-drachen-des-meeres\/\"},{\"@type\":\"ListItem\",\"position\":3,\"name\":\"Inszenierung\"}]},{\"@type\":\"WebSite\",\"@id\":\"https:\/\/producciones-abismales.com\/de\/#website\",\"url\":\"https:\/\/producciones-abismales.com\/de\/\",\"name\":\"\",\"description\":\"Umwelttheater f\u00fcr die ganze Familie\",\"publisher\":{\"@id\":\"https:\/\/producciones-abismales.com\/de\/#organization\"},\"potentialAction\":[{\"@type\":\"SearchAction\",\"target\":{\"@type\":\"EntryPoint\",\"urlTemplate\":\"https:\/\/producciones-abismales.com\/de\/?s={search_term_string}\"},\"query-input\":\"required name=search_term_string\"}],\"inLanguage\":\"de\"},{\"@type\":\"Organization\",\"@id\":\"https:\/\/producciones-abismales.com\/de\/#organization\",\"name\":\"Producciones Abismales\",\"url\":\"https:\/\/producciones-abismales.com\/de\/\",\"logo\":{\"@type\":\"ImageObject\",\"inLanguage\":\"de\",\"@id\":\"https:\/\/producciones-abismales.com\/de\/#\/schema\/logo\/image\/\",\"url\":\"https:\/\/producciones-abismales.com\/de\/wp-content\/uploads\/sites\/2\/2019\/01\/logo-cuadrado-azul.png\",\"contentUrl\":\"https:\/\/producciones-abismales.com\/de\/wp-content\/uploads\/sites\/2\/2019\/01\/logo-cuadrado-azul.png\",\"width\":433,\"height\":433,\"caption\":\"Producciones Abismales\"},\"image\":{\"@id\":\"https:\/\/producciones-abismales.com\/de\/#\/schema\/logo\/image\/\"},\"sameAs\":[\"https:\/\/www.instagram.com\/abismalarte\/\",\"https:\/\/www.youtube.com\/channel\/UCaLLPZ7K-lUlQTRvwuuLq2Q\",\"https:\/\/www.facebook.com\/abismalarte\/\"]}]}<\/script>\n<!-- \/ Yoast SEO plugin. -->","yoast_head_json":{"title":"Inszenierung &raquo;","robots":{"index":"index","follow":"follow","max-snippet":"max-snippet:-1","max-image-preview":"max-image-preview:large","max-video-preview":"max-video-preview:-1"},"canonical":"https:\/\/producciones-abismales.com\/de\/die-drachen-des-meeres\/inszenierung\/","og_locale":"de_DE","og_type":"article","og_title":"Inszenierung &raquo;","og_description":"Interaktives Figuren- und Objekttheater f\u00fcr Menschen ab 5 Jahren. Unser Protagonist ist ein gigantischer bunter Fisch und sein Gegenspieler ein Taucher, der aus der Zeit gefallen ist. Beiden ist das Plastik fremd. Sie lernen sich kennen und beginnen eine Freundschaft und geraten bald in gro\u00dfe Schwierigkeiten durch das Plastik verursacht. Die \u00fcberlebensgro\u00dfe Fischfigur verschluckt jede &hellip; Inszenierung weiterlesen","og_url":"https:\/\/producciones-abismales.com\/de\/die-drachen-des-meeres\/inszenierung\/","article_publisher":"https:\/\/www.facebook.com\/abismalarte\/","article_modified_time":"2025-10-13T18:17:58+00:00","og_image":[{"width":1024,"height":396,"url":"https:\/\/producciones-abismales.com\/de\/wp-content\/uploads\/sites\/2\/2019\/01\/Die-Drachen_paf18_thbm_-ronald-spratte021ret-1-1024x396.jpg","type":"image\/jpeg"}],"twitter_card":"summary_large_image","twitter_misc":{"Gesch\u00e4tzte Lesezeit":"4\u00a0Minuten"},"schema":{"@context":"https:\/\/schema.org","@graph":[{"@type":"WebPage","@id":"https:\/\/producciones-abismales.com\/de\/die-drachen-des-meeres\/inszenierung\/","url":"https:\/\/producciones-abismales.com\/de\/die-drachen-des-meeres\/inszenierung\/","name":"Inszenierung &raquo;","isPartOf":{"@id":"https:\/\/producciones-abismales.com\/de\/#website"},"datePublished":"2019-01-07T19:17:51+00:00","dateModified":"2025-10-13T18:17:58+00:00","breadcrumb":{"@id":"https:\/\/producciones-abismales.com\/de\/die-drachen-des-meeres\/inszenierung\/#breadcrumb"},"inLanguage":"de","potentialAction":[{"@type":"ReadAction","target":["https:\/\/producciones-abismales.com\/de\/die-drachen-des-meeres\/inszenierung\/"]}]},{"@type":"BreadcrumbList","@id":"https:\/\/producciones-abismales.com\/de\/die-drachen-des-meeres\/inszenierung\/#breadcrumb","itemListElement":[{"@type":"ListItem","position":1,"name":"Startseite","item":"https:\/\/producciones-abismales.com\/de\/"},{"@type":"ListItem","position":2,"name":"Die Drachen des Meeres","item":"https:\/\/producciones-abismales.com\/de\/die-drachen-des-meeres\/"},{"@type":"ListItem","position":3,"name":"Inszenierung"}]},{"@type":"WebSite","@id":"https:\/\/producciones-abismales.com\/de\/#website","url":"https:\/\/producciones-abismales.com\/de\/","name":"","description":"Umwelttheater f\u00fcr die ganze Familie","publisher":{"@id":"https:\/\/producciones-abismales.com\/de\/#organization"},"potentialAction":[{"@type":"SearchAction","target":{"@type":"EntryPoint","urlTemplate":"https:\/\/producciones-abismales.com\/de\/?s={search_term_string}"},"query-input":"required name=search_term_string"}],"inLanguage":"de"},{"@type":"Organization","@id":"https:\/\/producciones-abismales.com\/de\/#organization","name":"Producciones Abismales","url":"https:\/\/producciones-abismales.com\/de\/","logo":{"@type":"ImageObject","inLanguage":"de","@id":"https:\/\/producciones-abismales.com\/de\/#\/schema\/logo\/image\/","url":"https:\/\/producciones-abismales.com\/de\/wp-content\/uploads\/sites\/2\/2019\/01\/logo-cuadrado-azul.png","contentUrl":"https:\/\/producciones-abismales.com\/de\/wp-content\/uploads\/sites\/2\/2019\/01\/logo-cuadrado-azul.png","width":433,"height":433,"caption":"Producciones Abismales"},"image":{"@id":"https:\/\/producciones-abismales.com\/de\/#\/schema\/logo\/image\/"},"sameAs":["https:\/\/www.instagram.com\/abismalarte\/","https:\/\/www.youtube.com\/channel\/UCaLLPZ7K-lUlQTRvwuuLq2Q","https:\/\/www.facebook.com\/abismalarte\/"]}]}},"_links":{"self":[{"href":"https:\/\/producciones-abismales.com\/de\/wp-json\/wp\/v2\/pages\/23"}],"collection":[{"href":"https:\/\/producciones-abismales.com\/de\/wp-json\/wp\/v2\/pages"}],"about":[{"href":"https:\/\/producciones-abismales.com\/de\/wp-json\/wp\/v2\/types\/page"}],"author":[{"embeddable":true,"href":"https:\/\/producciones-abismales.com\/de\/wp-json\/wp\/v2\/users\/1"}],"replies":[{"embeddable":true,"href":"https:\/\/producciones-abismales.com\/de\/wp-json\/wp\/v2\/comments?post=23"}],"version-history":[{"count":45,"href":"https:\/\/producciones-abismales.com\/de\/wp-json\/wp\/v2\/pages\/23\/revisions"}],"predecessor-version":[{"id":1752,"href":"https:\/\/producciones-abismales.com\/de\/wp-json\/wp\/v2\/pages\/23\/revisions\/1752"}],"up":[{"embeddable":true,"href":"https:\/\/producciones-abismales.com\/de\/wp-json\/wp\/v2\/pages\/21"}],"wp:featuredmedia":[{"embeddable":true,"href":"https:\/\/producciones-abismales.com\/de\/wp-json\/wp\/v2\/media\/495"}],"wp:attachment":[{"href":"https:\/\/producciones-abismales.com\/de\/wp-json\/wp\/v2\/media?parent=23"}],"curies":[{"name":"wp","href":"https:\/\/api.w.org\/{rel}","templated":true}]}}